{"id":19792,"date":"2026-09-03T19:38:21","date_gmt":"2026-09-03T23:38:21","guid":{"rendered":"https:\/\/www.akfc.ca\/?post_type=tribe_events&#038;p=19792"},"modified":"2026-09-03T19:46:11","modified_gmt":"2026-09-03T23:46:11","slug":"cartographier-un-monde-durable","status":"publish","type":"tribe_events","link":"https:\/\/www.akfc.ca\/fr\/event\/cartographier-un-monde-durable\/","title":{"rendered":"Cartographier un Monde Durable"},"content":{"rendered":"<h2>Joignez-vous \u00e0 la Fondation Aga Khan Canada et \u00e0 Canadian Geographic lors du lancement public d&rsquo;Un monde durable, une plateforme d\u2019apprentissage novatrice qui donne vie \u00e0 nos connexions mondiales.<\/h2>\n<div class=\"Layout-module__module___2eUcs Layout-module__section___2SjP0\" data-testid=\"dateAndTime\">\n<section class=\"event-details__section\">\n<div class=\"detail\">\n<div class=\"detail__inner\">\n<div class=\"detail__content\">\n<div class=\"event-details__section-title\">\n<p><strong>Cet \u00e9v\u00e9nement gratuit sera pr\u00e9senciel et accessible en ligne.<\/strong><\/p>\n<p>D\u00e9couvrez comment des cartes interactives, des donn\u00e9es du monde r\u00e9el et des r\u00e9cits du monde entier peuvent illustrer les liens entre les d\u00e9fis mondiaux, dont les changements climatiques, l\u2019\u00e9ducation, la sant\u00e9 et l\u2019\u00e9galit\u00e9 entre les genres, tout en montrant comment les communaut\u00e9s r\u00e9pondent avec innovation et r\u00e9silience.<\/p>\n<p>\u00c9coutez des jeunes et des \u00e9ducateurs et des \u00e9ducatrices lors d\u2019une discussion informelle anim\u00e9e sur des approches novatrices en mati\u00e8re d\u2019\u00e9ducation \u00e0 la citoyennet\u00e9 mondiale. La discussion explorera en outre comment les salles de classe peuvent inspirer la curiosit\u00e9, la pens\u00e9e critique et l\u2019action significative dans un monde interreli\u00e9.<\/p>\n<p>L\u2019apr\u00e8s-midi comprendra des exp\u00e9riences interactives autour des th\u00e8mes\u00a0<em>d&rsquo;<\/em><em>Un monde durable<\/em>, et offrira des occasions d\u2019explorer directement la plateforme et de d\u00e9couvrir de nouvelles fa\u00e7ons de s\u2019engager avec des histoires, des donn\u00e9es et des perspectives mondiales.<\/p>\n<p>Les participants sont \u00e9galement invit\u00e9s \u00e0 d\u00e9couvrir\u00a0<em>Notre potentiel, notre parcours<\/em>, une exposition itin\u00e9rante qui illustre des histoires inspirantes de personnes et de communaut\u00e9s qui rel\u00e8vent des d\u00e9fis complexes et aident \u00e0 construire un avenir plus inclusif et durable.<\/p>\n<p><em>Un monde durable<\/em>\u00a0a \u00e9t\u00e9 \u00e9labor\u00e9 par la Fondation Aga Khan Canada et Canadian Geographic, avec l\u2019appui du gouvernement du Canada. La plateforme prend appui sur le savoir de sp\u00e9cialistes en d\u00e9veloppement mondial, en \u00e9ducation, en g\u00e9ographie et en narration pour donner vie \u00e0 nos connexions mondiales.<\/p>\n<p><em>L\u2019ordre du jour complet et la liste des pr\u00e9sentations para\u00eetront prochainement.<\/em><\/p>\n<p><strong>Renseignements suppl\u00e9mentaires:<\/strong><\/p>\n<ul>\n<li><strong>Options de participation :<\/strong>\u00a0Lors de l\u2019inscription, veuillez indiquer si vous comptez assister en personne dans les locaux de la Soci\u00e9t\u00e9 g\u00e9ographique royale du Canada ou en ligne via Zoom, en s\u00e9lectionnant le type de billet appropri\u00e9.<\/li>\n<\/ul>\n<ul>\n<li><strong>R\u00e9ception de r\u00e9seautage :<\/strong>\u00a0Les participants en personne sont invit\u00e9s \u00e0 rester apr\u00e8s le programme afin de prendre part \u00e0 une r\u00e9ception informelle de r\u00e9seautage avec rafra\u00eechissements l\u00e9gers.<\/li>\n<\/ul>\n<ul>\n<li><strong>Veuillez noter :<\/strong>\u00a0Qu\u2019un service d\u2019interpr\u00e9tation fran\u00e7ais-anglais sera accessible durant l\u2019\u00e9v\u00e9nement.<\/li>\n<\/ul>\n<ul>\n<li><strong>Inscription gratuite :<\/strong>\u00a0La participation est gratuite, mais une inscription pr\u00e9alable est requise.<\/li>\n<\/ul>\n<p><strong>Accessibilit\u00e9 :<\/strong><\/p>\n<p>Nous accueillons tous les visiteurs et nous nous engageons \u00e0 offrir un environnement inclusif et accessible. Notre b\u00e2timent dispose d&rsquo;une entr\u00e9e principale de plain-pied, sans marches, \u00e9quip\u00e9e de portes automatiques. Des toilettes accessibles sont situ\u00e9es \u00e0 tous les deux \u00e9tages, et tous les niveaux sont enti\u00e8rement desservis par notre ascenseur central. Des places de stationnement r\u00e9serv\u00e9es aux personnes \u00e0 mobilit\u00e9 r\u00e9duite, clairement signal\u00e9es, sont disponibles pr\u00e8s de l&rsquo;entr\u00e9e principale, et les animaux d&rsquo;assistance enregistr\u00e9s sont les bienvenus dans l&rsquo;ensemble de l&rsquo;\u00e9tablissement.<\/p>\n<p><em><strong>Des questions?\u00a0<\/strong><\/em><em>Veuillez \u00e9crire \u00e0 akfc.events@akdn.org.<\/em><\/p>\n<h5><a href=\"https:\/\/www.eventbrite.ca\/e\/mapping-a-sustainable-world-tickets-1999408475573\" target=\"_blank\" rel=\"noopener\"><strong>Inscrivez-vous d\u00e8s aujourd\u2019hui !<\/strong><\/a><\/h5>\n<\/div>\n<\/div>\n<\/div>\n<\/div>\n<\/section>\n<\/div>\n","protected":false},"excerpt":{"rendered":"<p>Joignez-vous \u00e0 la Fondation Aga Khan Canada et \u00e0 Canadian Geographic lors du lancement public d&rsquo;Un monde durable, une plateforme<\/p>\n","protected":false},"author":16,"featured_media":19794,"template":"","meta":{"_acf_changed":false,"_tribe_events_status":"","_tribe_events_status_reason":"","footnotes":""},"tags":[],"tribe_events_cat":[94],"class_list":["post-19792","tribe_events","type-tribe_events","status-publish","has-post-thumbnail","hentry","tribe_events_cat-akfc-events-fr","cat_akfc-events-fr"],"acf":[],"yoast_head":"<!-- This site is optimized with the Yoast SEO plugin v26.8 - https:\/\/yoast.com\/product\/yoast-seo-wordpress\/ -->\n<title>Cartographier un Monde Durable - The Aga Khan Foundation Canada<\/title>\n<meta name=\"robots\" content=\"index, follow, max-snippet:-1, max-image-preview:large, max-video-preview:-1\" \/>\n<link rel=\"canonical\" href=\"https:\/\/www.akfc.ca\/fr\/event\/cartographier-un-monde-durable\/\" \/>\n<meta property=\"og:locale\" content=\"fr_FR\" \/>\n<meta property=\"og:type\" content=\"article\" \/>\n<meta property=\"og:title\" content=\"Cartographier un Monde Durable - The Aga Khan Foundation Canada\" \/>\n<meta property=\"og:description\" content=\"Joignez-vous \u00e0 la Fondation Aga Khan Canada et \u00e0 Canadian Geographic lors du lancement public d&rsquo;Un monde durable, une plateforme\" \/>\n<meta property=\"og:url\" content=\"https:\/\/www.akfc.ca\/fr\/event\/cartographier-un-monde-durable\/\" \/>\n<meta property=\"og:site_name\" content=\"The Aga Khan Foundation Canada\" \/>\n<meta property=\"article:publisher\" content=\"https:\/\/www.facebook.com\/akfcanada\/\" \/>\n<meta property=\"article:modified_time\" content=\"2026-09-03T23:46:11+00:00\" \/>\n<meta property=\"og:image\" content=\"https:\/\/www.akfc.ca\/wp-content\/uploads\/2026\/09\/1-1.png\" \/>\n\t<meta property=\"og:image:width\" content=\"3750\" \/>\n\t<meta property=\"og:image:height\" content=\"1875\" \/>\n\t<meta property=\"og:image:type\" content=\"image\/png\" \/>\n<meta name=\"twitter:card\" content=\"summary_large_image\" \/>\n<meta name=\"twitter:site\" content=\"@AKFCanada\" \/>\n<meta name=\"twitter:label1\" content=\"Dur\u00e9e de lecture estim\u00e9e\" \/>\n\t<meta name=\"twitter:data1\" content=\"3 minutes\" \/>\n<script type=\"application\/ld+json\" class=\"yoast-schema-graph\">{\"@context\":\"https:\/\/schema.org\",\"@graph\":[{\"@type\":\"WebPage\",\"@id\":\"https:\/\/www.akfc.ca\/fr\/event\/cartographier-un-monde-durable\/\",\"url\":\"https:\/\/www.akfc.ca\/fr\/event\/cartographier-un-monde-durable\/\",\"name\":\"Cartographier un Monde Durable - The Aga Khan Foundation Canada\",\"isPartOf\":{\"@id\":\"https:\/\/www.akfc.ca\/#website\"},\"primaryImageOfPage\":{\"@id\":\"https:\/\/www.akfc.ca\/fr\/event\/cartographier-un-monde-durable\/#primaryimage\"},\"image\":{\"@id\":\"https:\/\/www.akfc.ca\/fr\/event\/cartographier-un-monde-durable\/#primaryimage\"},\"thumbnailUrl\":\"https:\/\/www.akfc.ca\/wp-content\/uploads\/2026\/09\/1-1.png\",\"datePublished\":\"2026-09-03T23:38:21+00:00\",\"dateModified\":\"2026-09-03T23:46:11+00:00\",\"breadcrumb\":{\"@id\":\"https:\/\/www.akfc.ca\/fr\/event\/cartographier-un-monde-durable\/#breadcrumb\"},\"inLanguage\":\"fr-FR\",\"potentialAction\":[{\"@type\":\"ReadAction\",\"target\":[\"https:\/\/www.akfc.ca\/fr\/event\/cartographier-un-monde-durable\/\"]}]},{\"@type\":\"ImageObject\",\"inLanguage\":\"fr-FR\",\"@id\":\"https:\/\/www.akfc.ca\/fr\/event\/cartographier-un-monde-durable\/#primaryimage\",\"url\":\"https:\/\/www.akfc.ca\/wp-content\/uploads\/2026\/09\/1-1.png\",\"contentUrl\":\"https:\/\/www.akfc.ca\/wp-content\/uploads\/2026\/09\/1-1.png\",\"width\":3750,\"height\":1875},{\"@type\":\"BreadcrumbList\",\"@id\":\"https:\/\/www.akfc.ca\/fr\/event\/cartographier-un-monde-durable\/#breadcrumb\",\"itemListElement\":[{\"@type\":\"ListItem\",\"position\":1,\"name\":\"Home\",\"item\":\"https:\/\/www.akfc.ca\/fr\/\"},{\"@type\":\"ListItem\",\"position\":2,\"name\":\"Events\",\"item\":\"https:\/\/www.akfc.ca\/events\/\"},{\"@type\":\"ListItem\",\"position\":3,\"name\":\"Cartographier un Monde Durable\"}]},{\"@type\":\"WebSite\",\"@id\":\"https:\/\/www.akfc.ca\/#website\",\"url\":\"https:\/\/www.akfc.ca\/\",\"name\":\"The Aga Khan Foundation Canada\",\"description\":\"Just another WordPress site\",\"publisher\":{\"@id\":\"https:\/\/www.akfc.ca\/#organization\"},\"potentialAction\":[{\"@type\":\"SearchAction\",\"target\":{\"@type\":\"EntryPoint\",\"urlTemplate\":\"https:\/\/www.akfc.ca\/?s={search_term_string}\"},\"query-input\":{\"@type\":\"PropertyValueSpecification\",\"valueRequired\":true,\"valueName\":\"search_term_string\"}}],\"inLanguage\":\"fr-FR\"},{\"@type\":\"Organization\",\"@id\":\"https:\/\/www.akfc.ca\/#organization\",\"name\":\"Aga Khan Foundation Canada\",\"url\":\"https:\/\/www.akfc.ca\/\",\"logo\":{\"@type\":\"ImageObject\",\"inLanguage\":\"fr-FR\",\"@id\":\"https:\/\/www.akfc.ca\/#\/schema\/logo\/image\/\",\"url\":\"https:\/\/www.akfc.ca\/wp-content\/uploads\/2017\/05\/logo_fr.png\",\"contentUrl\":\"https:\/\/www.akfc.ca\/wp-content\/uploads\/2017\/05\/logo_fr.png\",\"width\":265,\"height\":70,\"caption\":\"Aga Khan Foundation Canada\"},\"image\":{\"@id\":\"https:\/\/www.akfc.ca\/#\/schema\/logo\/image\/\"},\"sameAs\":[\"https:\/\/www.facebook.com\/akfcanada\/\",\"https:\/\/x.com\/AKFCanada\",\"https:\/\/www.linkedin.com\/company-beta\/97889\/?pathWildcard=97889\",\"https:\/\/www.youtube.com\/user\/akfcadmin\"]}]}<\/script>\n<!-- \/ Yoast SEO plugin. -->","yoast_head_json":{"title":"Cartographier un Monde Durable - The Aga Khan Foundation Canada","robots":{"index":"index","follow":"follow","max-snippet":"max-snippet:-1","max-image-preview":"max-image-preview:large","max-video-preview":"max-video-preview:-1"},"canonical":"https:\/\/www.akfc.ca\/fr\/event\/cartographier-un-monde-durable\/","og_locale":"fr_FR","og_type":"article","og_title":"Cartographier un Monde Durable - The Aga Khan Foundation Canada","og_description":"Joignez-vous \u00e0 la Fondation Aga Khan Canada et \u00e0 Canadian Geographic lors du lancement public d&rsquo;Un monde durable, une plateforme","og_url":"https:\/\/www.akfc.ca\/fr\/event\/cartographier-un-monde-durable\/","og_site_name":"The Aga Khan Foundation Canada","article_publisher":"https:\/\/www.facebook.com\/akfcanada\/","article_modified_time":"2026-09-03T23:46:11+00:00","og_image":[{"width":3750,"height":1875,"url":"https:\/\/www.akfc.ca\/wp-content\/uploads\/2026\/09\/1-1.png","type":"image\/png"}],"twitter_card":"summary_large_image","twitter_site":"@AKFCanada","twitter_misc":{"Dur\u00e9e de lecture estim\u00e9e":"3 minutes"},"schema":{"@context":"https:\/\/schema.org","@graph":[{"@type":"WebPage","@id":"https:\/\/www.akfc.ca\/fr\/event\/cartographier-un-monde-durable\/","url":"https:\/\/www.akfc.ca\/fr\/event\/cartographier-un-monde-durable\/","name":"Cartographier un Monde Durable - The Aga Khan Foundation Canada","isPartOf":{"@id":"https:\/\/www.akfc.ca\/#website"},"primaryImageOfPage":{"@id":"https:\/\/www.akfc.ca\/fr\/event\/cartographier-un-monde-durable\/#primaryimage"},"image":{"@id":"https:\/\/www.akfc.ca\/fr\/event\/cartographier-un-monde-durable\/#primaryimage"},"thumbnailUrl":"https:\/\/www.akfc.ca\/wp-content\/uploads\/2026\/09\/1-1.png","datePublished":"2026-09-03T23:38:21+00:00","dateModified":"2026-09-03T23:46:11+00:00","breadcrumb":{"@id":"https:\/\/www.akfc.ca\/fr\/event\/cartographier-un-monde-durable\/#breadcrumb"},"inLanguage":"fr-FR","potentialAction":[{"@type":"ReadAction","target":["https:\/\/www.akfc.ca\/fr\/event\/cartographier-un-monde-durable\/"]}]},{"@type":"ImageObject","inLanguage":"fr-FR","@id":"https:\/\/www.akfc.ca\/fr\/event\/cartographier-un-monde-durable\/#primaryimage","url":"https:\/\/www.akfc.ca\/wp-content\/uploads\/2026\/09\/1-1.png","contentUrl":"https:\/\/www.akfc.ca\/wp-content\/uploads\/2026\/09\/1-1.png","width":3750,"height":1875},{"@type":"BreadcrumbList","@id":"https:\/\/www.akfc.ca\/fr\/event\/cartographier-un-monde-durable\/#breadcrumb","itemListElement":[{"@type":"ListItem","position":1,"name":"Home","item":"https:\/\/www.akfc.ca\/fr\/"},{"@type":"ListItem","position":2,"name":"Events","item":"https:\/\/www.akfc.ca\/events\/"},{"@type":"ListItem","position":3,"name":"Cartographier un Monde Durable"}]},{"@type":"WebSite","@id":"https:\/\/www.akfc.ca\/#website","url":"https:\/\/www.akfc.ca\/","name":"The Aga Khan Foundation Canada","description":"Just another WordPress site","publisher":{"@id":"https:\/\/www.akfc.ca\/#organization"},"potentialAction":[{"@type":"SearchAction","target":{"@type":"EntryPoint","urlTemplate":"https:\/\/www.akfc.ca\/?s={search_term_string}"},"query-input":{"@type":"PropertyValueSpecification","valueRequired":true,"valueName":"search_term_string"}}],"inLanguage":"fr-FR"},{"@type":"Organization","@id":"https:\/\/www.akfc.ca\/#organization","name":"Aga Khan Foundation Canada","url":"https:\/\/www.akfc.ca\/","logo":{"@type":"ImageObject","inLanguage":"fr-FR","@id":"https:\/\/www.akfc.ca\/#\/schema\/logo\/image\/","url":"https:\/\/www.akfc.ca\/wp-content\/uploads\/2017\/05\/logo_fr.png","contentUrl":"https:\/\/www.akfc.ca\/wp-content\/uploads\/2017\/05\/logo_fr.png","width":265,"height":70,"caption":"Aga Khan Foundation Canada"},"image":{"@id":"https:\/\/www.akfc.ca\/#\/schema\/logo\/image\/"},"sameAs":["https:\/\/www.facebook.com\/akfcanada\/","https:\/\/x.com\/AKFCanada","https:\/\/www.linkedin.com\/company-beta\/97889\/?pathWildcard=97889","https:\/\/www.youtube.com\/user\/akfcadmin"]}]}},"_links":{"self":[{"href":"https:\/\/www.akfc.ca\/fr\/wp-json\/wp\/v2\/tribe_events\/19792","targetHints":{"allow":["GET"]}}],"collection":[{"href":"https:\/\/www.akfc.ca\/fr\/wp-json\/wp\/v2\/tribe_events"}],"about":[{"href":"https:\/\/www.akfc.ca\/fr\/wp-json\/wp\/v2\/types\/tribe_events"}],"author":[{"embeddable":true,"href":"https:\/\/www.akfc.ca\/fr\/wp-json\/wp\/v2\/users\/16"}],"version-history":[{"count":5,"href":"https:\/\/www.akfc.ca\/fr\/wp-json\/wp\/v2\/tribe_events\/19792\/revisions"}],"predecessor-version":[{"id":19800,"href":"https:\/\/www.akfc.ca\/fr\/wp-json\/wp\/v2\/tribe_events\/19792\/revisions\/19800"}],"wp:featuredmedia":[{"embeddable":true,"href":"https:\/\/www.akfc.ca\/fr\/wp-json\/wp\/v2\/media\/19794"}],"wp:attachment":[{"href":"https:\/\/www.akfc.ca\/fr\/wp-json\/wp\/v2\/media?parent=19792"}],"wp:term":[{"taxonomy":"post_tag","embeddable":true,"href":"https:\/\/www.akfc.ca\/fr\/wp-json\/wp\/v2\/tags?post=19792"},{"taxonomy":"tribe_events_cat","embeddable":true,"href":"https:\/\/www.akfc.ca\/fr\/wp-json\/wp\/v2\/tribe_events_cat?post=19792"}],"curies":[{"name":"wp","href":"https:\/\/api.w.org\/{rel}","templated":true}]}}